{"id":4255,"date":"2016-06-21T00:18:39","date_gmt":"2016-06-20T22:18:39","guid":{"rendered":"http:\/\/andreasernst.com\/?page_id=4255"},"modified":"2025-09-12T17:14:03","modified_gmt":"2025-09-12T15:14:03","slug":"ueber-den-autor-2","status":"publish","type":"page","link":"https:\/\/andreasernst.com\/?page_id=4255","title":{"rendered":"\u00dcber mich"},"content":{"rendered":"<p><strong>Kurzform<\/strong><\/p>\n<p><img loading=\"lazy\" decoding=\"async\" class=\"size-medium wp-image-5147\" src=\"http:\/\/andreasernst.com\/wordpress\/WordpressLatest\/wp-content\/uploads\/2016\/06\/Andreas-Ernst-4-300x200.jpg\" alt=\"Kommentarfoto Andreas Ernst\" width=\"300\" height=\"200\" srcset=\"https:\/\/andreasernst.com\/wordpress\/WordpressLatest\/wp-content\/uploads\/2016\/06\/Andreas-Ernst-4-300x200.jpg 300w, https:\/\/andreasernst.com\/wordpress\/WordpressLatest\/wp-content\/uploads\/2016\/06\/Andreas-Ernst-4-768x512.jpg 768w, https:\/\/andreasernst.com\/wordpress\/WordpressLatest\/wp-content\/uploads\/2016\/06\/Andreas-Ernst-4-1024x683.jpg 1024w\" sizes=\"auto, (max-width: 300px) 100vw, 300px\" \/><\/p>\n<p>Andreas Ernst, geboren in der Woche, in der \u201eDas Lied der Schl\u00fcmpfe\u201c auf dem ersten Platz der deutschen Single-Charts stand, ist ausgebildeter Journalist, berichtet vor und hinter der Kamera, am Spielfeldrand und auf der Trib\u00fcne vor allem \u00fcber den FC Schalke 04, und hat bisher allein \u00fcber&nbsp;<a href=\"http:\/\/andreasernst.com\/?page_id=278\" target=\"_blank\">1361 Fu\u00dfballspiele<\/a> von der Fu\u00dfball-EM 2024 und der Champions League bis zur Kreisliga B und von der WM-Qualifikation bis zum Kreispokal berichtet \u2013 und insgesamt sogar \u00fcber <a href=\"http:\/\/andreasernst.com\/?p=159\">1611 Sportveranstaltungen<\/a>, zum Beispiel \u00fcber den Super Bowl LII in Minneapolis, das erste NFL-Spiel in Deutschland 2022 und einen Box-WM-Kampf mit Vitali Klitschko 2008. Inzwischen folgen \u00fcber 30.000 Menschen seinen diversen Social-Media-Accounts. Er hat Texte in Tages- und Wochenzeitungen, aber auch in Fu\u00dfballmagazinen wie Kicker, 11Freunde und RevierSport sowie in B\u00fcchern ver\u00f6ffentlicht, ist beliebter Gast in Podcasts und Talkshows wie &#8222;At Broski&#8220; im November 2024. Er kann Lokal- und Hauptsport, Online und Print, Reporter und Producer, Podcast-, Vodcast- und Talkprojekte entwickeln und vor der Kamera stehen &#8211; und arbeitet beim Kompetenzzentrum FUNKE Sport in Essen. Seinen Werdegang schildert er in einer Folge des Podcasts &#8222;Gemischte T\u00fcte&#8220;:&nbsp;https:\/\/www.youtube.com\/watch?v=tH7ZVZAFAo0 . Seine ganze Leidenschaft gilt aber &#8211; nat\u00fcrlich &#8211; seiner Frau und seinen drei wundervollen Kindern.<\/p>\n<p><strong>Eckpunkte<\/strong><\/p>\n<p>31. M\u00e4rz 1978: <strong>Geburt <\/strong>im Evangelischen Krankenhaus M\u00fclheim an der Ruhr<\/p>\n<p>August 1982 bis Juni 1984: Evangelischer <strong>Kindergarten<\/strong> an der Reichstra\u00dfe in M\u00fclheim-Broich<\/p>\n<p>August 1984 bis Juni 1988: <strong>Gemeinschaftsgrundschule<\/strong> an der Kurf\u00fcrstenstra\u00dfe in M\u00fclheim-Broich<\/p>\n<p>August 1988 bis Juni 1997: St\u00e4dtisches Gymnasium M\u00fclheim-Broich mit dem Schulabschluss <strong>Abitur.&nbsp;<\/strong>Leistungskurse: Deutsch und P\u00e4dagogik, 3. Abifach: Englisch, 4. Abifach: Biologie. Zur Homepage meiner ehemaligen Schule geht es <a href=\"http:\/\/www.gymnasium-broich.de\/httpdocs\/\" target=\"_blank\">hier<\/a>.<\/p>\n<p>November 1993 bis Juni 2007: <strong>Freier Journalist<\/strong> und <strong>Moderator<\/strong> in M\u00fclheim an der Ruhr (ausf\u00fchrlicher: siehe unten)<\/p>\n<p>Oktober 1997 bis Juni 2007: <strong>Student <\/strong>an der Uni-GH Essen, sp\u00e4ter Uni Duisburg-Essen, zuerst auf Lehramt f\u00fcr die Sekundarstufen I\/II mit den F\u00e4chern Deutsch und P\u00e4dagogik, danach auf Magister mit den F\u00e4chern Germanistik (Hauptfach) sowie P\u00e4dagogik und Praktische Sozialwissenschaft (Nebenf\u00e4cher)<\/p>\n<p>Juli 2007 bis Juni 2009: <strong>Volont\u00e4r<\/strong> an der Journalistenschule Ruhr (JSR) mit Abschluss \u201eRedakteur\u201c (ausf\u00fchrlicher: siehe unten)<\/p>\n<div id=\"attachment_4779\" style=\"width: 310px\" class=\"wp-caption alignright\"><img loading=\"lazy\" decoding=\"async\" aria-describedby=\"caption-attachment-4779\" class=\"size-medium wp-image-4779\" src=\"http:\/\/andreasernst.com\/wordpress\/WordpressLatest\/wp-content\/uploads\/2020\/02\/E48F65E2-3277-4590-9D55-7CF7EADB4959-300x300.jpeg\" alt=\"Dezember 2019 - Interview mit Schalke-Kapit\u00e4n Omar Mascarell\" width=\"300\" height=\"300\" srcset=\"https:\/\/andreasernst.com\/wordpress\/WordpressLatest\/wp-content\/uploads\/2020\/02\/E48F65E2-3277-4590-9D55-7CF7EADB4959-300x300.jpeg 300w, https:\/\/andreasernst.com\/wordpress\/WordpressLatest\/wp-content\/uploads\/2020\/02\/E48F65E2-3277-4590-9D55-7CF7EADB4959-150x150.jpeg 150w, https:\/\/andreasernst.com\/wordpress\/WordpressLatest\/wp-content\/uploads\/2020\/02\/E48F65E2-3277-4590-9D55-7CF7EADB4959-768x768.jpeg 768w, https:\/\/andreasernst.com\/wordpress\/WordpressLatest\/wp-content\/uploads\/2020\/02\/E48F65E2-3277-4590-9D55-7CF7EADB4959-1024x1024.jpeg 1024w, https:\/\/andreasernst.com\/wordpress\/WordpressLatest\/wp-content\/uploads\/2020\/02\/E48F65E2-3277-4590-9D55-7CF7EADB4959-144x144.jpeg 144w, https:\/\/andreasernst.com\/wordpress\/WordpressLatest\/wp-content\/uploads\/2020\/02\/E48F65E2-3277-4590-9D55-7CF7EADB4959.jpeg 1177w\" sizes=\"auto, (max-width: 300px) 100vw, 300px\" \/><p id=\"caption-attachment-4779\" class=\"wp-caption-text\">Dezember 2019 &#8211; Interview mit Schalke-Kapit\u00e4n Omar Mascarell<\/p><\/div>\n<p>seit 1. Juli 2009: <strong>Redakteur<\/strong>&nbsp;bei der FUNKE Mediengruppe in Essen &#8211; zun\u00e4chst Online-Sportredakteur des Internet-Portals&nbsp;<a href=\"http:\/\/www.derwesten.de\/sport\">DerWesten<\/a>&nbsp;(ausf\u00fchrlicher: siehe unten) mit Leitungsaufgaben, ab 1. November 2015 als&nbsp;<strong>Online\/Mobile-Producer<\/strong>&nbsp;und seit 1. Dezember 2019 als <strong>Schalke-Reporter<\/strong> beim Kompetenzzentrum FUNKE Sport.<\/p>\n<p><strong>Ausf\u00fchrliche journalistische Erfahrung<\/strong><\/p>\n<p>1988 bis 1996: <strong>Austr\u00e4ger<\/strong> der Kirchenzeitung \u201eUnsere Gemeinde\u201c in M\u00fclheim-Broich \u2013 erster Lohn: zehn Pfennig pro Heft.<\/p>\n<p>August 1989 bis Juni 1997: <strong>Sch\u00fclerzeitung<\/strong> MONA LISA am St\u00e4dtischen Gymnasium Broich, Auflage zwischen 250 und 600, von Juli 1994 bis Juni 1997 als Chefredakteur, noch heute sehr stolz drauf<\/p>\n<p>April 1997 bis Juni 1997: Chefredakteur des <strong>Abi-Buchs 1997<\/strong>, alleiniger Layouter, Auflage 600.<\/p>\n<p>November 1993 bis August 1996: Freier Mitarbeiter in der Sportredaktion des zweimal w\u00f6chentlich erscheinenden WVW-Anzeigenblatts <strong>M\u00fclheimer Woche<\/strong>, Themengebiete: Lokalfu\u00dfball sowie Hockey- und Tischtennis-Bundesliga mit Uhlenhorst M\u00fclheim und Post SV Telekom M\u00fclheim, erstes Zeilengeld: 20 Pfennig pro Zeile.<\/p>\n<p>August 1994 bis August 1997: Freier Mitarbeiter bei den Kirchenzeitungen <strong>Der Weg<\/strong> und&nbsp;<strong>Unsere Gemeinde<\/strong> in M\u00fclheim-Broich mit losen Ver\u00f6ffentlichungen.<\/p>\n<p>August 1996 bis Juni 2007: Freier Mitarbeiter bei der <strong>WAZ-Lokalredaktion M\u00fclheim&nbsp;<\/strong>in allen Lokalzeitungsressorts:<\/p>\n<ul>\n<li>\u00fcberwiegend Sport mit zwei festen Tagen w\u00e4hrend der Woche (Donnerstag, Freitag) und dem normalen Wochenend-Wahnsinn \u2013 zeitweise Tagesvertretung der zust\u00e4ndigen Redakteurin mit Layout-Aufgaben. Allrounder f\u00fcr alle m\u00f6glichen Sportarten in allen m\u00f6glichen journalistischen Formen.<\/li>\n<li>Konzeption und Betreuung der w\u00f6chentlich am Donnerstag erscheinenden Jugendseite \u201eZoom\u201c, die sich an 16- bis 22-j\u00e4hrige M\u00fclheimer richtete, zeitweise mit der eigenen Kolumne \u201eAndi will\u2026\u201c<\/li>\n<li>Lokalpolitik (Stadtrat, Bezirksvertretungen, Aussch\u00fcsse, Recherchen, Pressekonferenzen)<\/li>\n<li>Wirtschaft (Pressekonferenzen, Recherchen)<\/li>\n<li>Kultur (Kabarett, Disco, Theater und Konzerte in den M\u00fclheimer Locations Stadthalle, Ringlokschuppen, AZ, Schifferhaus und Theater an der Ruhr)<\/li>\n<li>Gerichtsberichterstattung am Amtsgericht M\u00fclheim<\/li>\n<li>Experte \u201eIntegration und Migration in M\u00fclheim\u201c<\/li>\n<li>\u201eBunte\u201c Themen wie Portr\u00e4ts von \u201enormalen\u201c M\u00fclheimern unter der Dachzeile \u201eMenschen in M\u00fclheim\u201c, Reportagen und Reportageserien, Vorstellung von M\u00fclheimer Vereinen und, und, und \u2026<\/li>\n<\/ul>\n<div id=\"attachment_39\" style=\"width: 310px\" class=\"wp-caption alignleft\"><img loading=\"lazy\" decoding=\"async\" aria-describedby=\"caption-attachment-39\" class=\"size-medium wp-image-39\" src=\"http:\/\/andreasernst.com\/wordpress\/WordpressLatest\/wp-content\/uploads\/2011\/09\/WAZMuelheim-300x228.jpg\" alt=\"Auf einem Ascheplatz in M\u00fclheim-Styrum, 2004\" width=\"300\" height=\"228\" srcset=\"https:\/\/andreasernst.com\/wordpress\/WordpressLatest\/wp-content\/uploads\/2011\/09\/WAZMuelheim-300x228.jpg 300w, https:\/\/andreasernst.com\/wordpress\/WordpressLatest\/wp-content\/uploads\/2011\/09\/WAZMuelheim.jpg 471w\" sizes=\"auto, (max-width: 300px) 100vw, 300px\" \/><p id=\"caption-attachment-39\" class=\"wp-caption-text\">Auf einem Ascheplatz in M\u00fclheim-Styrum, 2004<\/p><\/div>\n<p>Dezember 1998 bis Juni 2007: Freier Mitarbeiter beim Presseb\u00fcro <strong>RuhrText Marcus Lemke<\/strong> mit Beitr\u00e4gen in den Stadtteilmagazinen <strong>Location<\/strong> und&nbsp;<strong>Saarner Dorfglocke<\/strong> sowie in den Vereinszeitungen des <strong>VfB Speldorf&nbsp;<\/strong>(Fu\u00dfball-Oberliga) und des&nbsp;<strong>Kahlenberger HTC<\/strong> (Tennis-Bundesliga). Zur Homepage von RuhrText geht es <a href=\"http:\/\/www.ruhrtext.de\/\" target=\"_blank\">hier<\/a>.<\/p>\n<p>Januar 2001 bis Juni 2007: Freier Mitarbeiter bei der Medienagentur&nbsp;<strong>Sprenger Medienservice<\/strong>, dabei allein verantwortlicher Redakteur (inklusive Layout-Vorschl\u00e4ge) f\u00fcr das drei- bis viermal j\u00e4hrlich erscheinende <strong>M\u00fclheimer Sportmagazin<\/strong> und von 2001 bis 2006 Redakteur des&nbsp;<strong>M\u00fclheimer Sportjahrbuchs<\/strong>, dabei mit dem gr\u00f6\u00dften Text-Anteil aller Redakteure. Zur Homepage des Sprenger Medienservice geht es <a href=\"http:\/\/www.sprenger-medien.de\/\" target=\"_blank\">hier<\/a>. Eine Auswahl der Texte, die ich im M\u00fclheimer Sportjahrbuch von 2001 bis 2006 publiziert habe, gibt es <a href=\"http:\/\/andreasernst.com\/buch.html#seitenbeginn\" target=\"_blank\">hier<\/a>.<\/p>\n<p>Oktober 2001 bis Juni 2007: Freier Mitarbeiter beim <strong>WAZ-Sporttabellendienst<\/strong>, dabei zust\u00e4ndig f\u00fcr die M\u00fclheimer Jugendfu\u00dfballtabellen<\/p>\n<p>Juli 2005 bis Juni 2007: Freier Mitarbeiter beim <strong>Kicker Sportmagazin<\/strong>, zust\u00e4ndig f\u00fcr die Berichterstattung \u00fcber den M\u00fclheimer Oberligisten VfB Speldorf<\/p>\n<p>Juni 2006 bis Juni 2007: Freier Mitarbeiter beim Internetportal <strong>revierkick.de<\/strong> (ab Anfang 2007 <strong>reviersport.de<\/strong>), zust\u00e4ndig f\u00fcr den M\u00fclheimer Lokalfu\u00dfball. Zur Auswahl einiger Texte, die ich auf revierkick.de bzw. reviersport.de ver\u00f6ffentlichte, geht es <a href=\"http:\/\/www.andreasernst.com\/revierkick.html\" target=\"_blank\">hier<\/a>. Zur Homepage von RevierSport geht es <a href=\"http:\/\/www.reviersport.de\/\" target=\"_blank\">hier<\/a>.<\/p>\n<ul>\n<li><strong>Seit 1. Juli 2007: Festangestellt bei der FUNKE Mediengruppe in Essen<\/strong><\/li>\n<\/ul>\n<p>Juli 2007 bis Juni 2009: <strong>Volontariat<\/strong> an der Journalistenschule Ruhr in Essen, dazu ein Assessment-Center bestanden im Juni 2006. Zur Homepage der Journalistenschule\/Medienakademie geht es <a href=\"http:\/\/www.journalistenschule-ruhr.de\/\" target=\"_blank\">hier<\/a>.<\/p>\n<ul>\n<li>Stationen in Lokalredaktionen: Castrop-Rauxel, Essen-Nord, Duisburg-Nord, Oberhausen (Sport), Velbert, Langenberg<\/li>\n<li>Foto-Ausbildung inklusive Kamera- und Photoshop-Schulung in der Redaktion \u201eUnser Vest\u201c in Recklinghausen mit Terminen in Marl, Recklinghausen, Waltrop, Herten und Oer-Erkenschwick<\/li>\n<li>Stationen im WAZ-\u201eMantel\u201c im Haupthaus Essen: Sport (u. a. im EM-Team 2008 unter Hans-Josef Justen), Reportage, Rhein-Ruhr, Politik, Wirtschaft, Kultur\/Wochenende (verantwortlich f\u00fcr den achtseitigen WAZ-Jahresr\u00fcckblick im Dezember 2008), CvD<\/li>\n<li>Praktika: DerWesten in Essen (Februar 2008), S\u00fcddeutsche Zeitung\/jetzt.de in M\u00fcnchen (April 2008) und im WAZ-Korrespondentenb\u00fcro Berlin (Oktober 2008)<\/li>\n<li>Seminare: Kommentar, Nachrichten, Reportage, Recherche, Video, Markt\/M\u00e4chte\/Medienpolitik, Justizberichterstattung (mit Exkursionen in die JVA Werl und ins Polizeipr\u00e4sidium Essen, September 2007), Layout. Zu Beispielvideos geht es <a href=\"http:\/\/andreasernst.com\/?tag=video\" target=\"_blank\">hier<\/a>.<\/li>\n<li>Verantwortung: Volo-Sprecher der JSR (September 2007 bis Juni 2008), Volo-Sprecher der WAZ (September 2007 bis Juni 2009) mit regelm\u00e4\u00dfigem Kontakt zur WAZ-Chefredaktion und zur JSR-Leitung.<\/li>\n<li>Recherchereisen nach Br\u00fcssel (M\u00e4rz 2008, Thema: Politikberichterstattung in der EU) und Istanbul (Oktober 2008, Thema: Kulturhauptstadt 2010)<\/li>\n<li>Sonstiges: Teilnahme an der deutschen Fu\u00dfball-Meisterschaft f\u00fcr Journalistenschulen in Berlin (Juli 2008, 3. Platz!), monatliche Blattkritik in der WAZ-Hauptkonferenz von Januar bis Mai 2009. Zum Video \u00fcber die JSR-Tour nach Berlin geht es <a href=\"http:\/\/andreasernst.com\/?p=211\" target=\"_blank\">hier<\/a>.<\/li>\n<\/ul>\n<div id=\"attachment_2087\" style=\"width: 310px\" class=\"wp-caption alignright\"><img loading=\"lazy\" decoding=\"async\" aria-describedby=\"caption-attachment-2087\" class=\"size-medium wp-image-2087\" src=\"http:\/\/andreasernst.com\/wordpress\/WordpressLatest\/wp-content\/uploads\/2012\/11\/Foto_05122012-300x225.jpg\" alt=\"Vor der Arena\" width=\"300\" height=\"225\" srcset=\"https:\/\/andreasernst.com\/wordpress\/WordpressLatest\/wp-content\/uploads\/2012\/11\/Foto_05122012-300x225.jpg 300w, https:\/\/andreasernst.com\/wordpress\/WordpressLatest\/wp-content\/uploads\/2012\/11\/Foto_05122012.jpg 800w\" sizes=\"auto, (max-width: 300px) 100vw, 300px\" \/><p id=\"caption-attachment-2087\" class=\"wp-caption-text\">Einmal mehr auf dem Weg vom Presseparkplatz der Arena zum Stadion.<\/p><\/div>\n<ol>\n<li>Juli 2009 bis 31. Oktober 2015:&nbsp;<strong>Online-Sportredakteur<\/strong> beim WAZ-Onlineportal <a href=\"http:\/\/www.derwesten.de\/sport\" target=\"_blank\">DerWesten<\/a> in Essen, seit 1. Januar 2015 als <strong>Nachrichtenchef Sport<\/strong>&nbsp;Ressortleiter<\/li>\n<\/ol>\n<p>Seit 1. November 2015:<strong>&nbsp;Online\/Mobile-Producer<\/strong>&nbsp;beim Kompetenzzentrum FUNKE Sport in Essen, Schwerpunkte der Arbeit von 2009 bis 2019, teilweise dar\u00fcberhinaus:<\/p>\n<ul>\n<li>Redakteur im Schicht- und Wochenenddienst mit Recherche\/Ver\u00f6ffentlichung von aktuellen Themen\/Ideen des Tages in Online-Geschwindigkeit, onlineattraktiver und SEO-optimierter Form (das k\u00f6nnen normale Texte sein, aber auch Live-Ticker, Bilderstrecken, Videos etc.) und crossmedialer Ausarbeitung \u2013 dazu Themengewichtung, Agentursichtung, Bildauswahl und Vorbereitung der mehrmals t\u00e4glich stattfindenden Redaktionskonferenzen.<\/li>\n<li>Social Media (vor allem Twitter und Facebook). Zu meinem pers\u00f6nlichen Twitter-Account&nbsp;<a href=\"http:\/\/www.twitter.com\/AndiErnst\" target=\"_blank\">hier<\/a>&nbsp;(aktueller Stand: rund 26.000 Follower)&nbsp;Au\u00dferdem enge Zusammenarbeit mit der WAZ-Redaktion Gelsenkirchen bzgl. der Facebook- und Instagram-Seite &#8222;WAZ auf Schalke&#8220;<\/li>\n<li>Verantwortlich f\u00fcr die Berichterstattung \u00fcber den FC Schalke 04, enge Kooperation mit der WAZ-Lokalsportredaktion Gelsenkirchen. Zu etlichen Texten \u00fcber den FC Schalke 04 geht es <a href=\"http:\/\/andreasernst.com\/?cat=4\" target=\"_blank\">hier<\/a>.<\/li>\n<li>Mitverantwortlich f\u00fcr die Berichterstattung \u00fcber American Football (seit September 2017), deshalb Super-Bowl-Reporter beim SBLII in Minneapolis zwischen den Eagles und den Patriots.<\/li>\n<li>regelm\u00e4\u00dfiger Austausch mit den Usern (vor allem via Facebook, Twitter und Mail) \u2013 die ernsthaften Zuschriften werden alle beantwortet!<\/li>\n<li>Ausbildung von Volont\u00e4ren, Praktikanten und freien Mitarbeitern<\/li>\n<li>Konzepte ausarbeiten (inhaltlich und grafisch) und Projekte federf\u00fchrend betreuen (zum Beispiel von September bis Dezember 2012 die Wahl zur NRW-Topelf aus 50 Jahren Bundesliga \u2013 zum Einleitungstext geht es <a href=\"http:\/\/www.derwesten.de\/sport\/fussball\/50_jahre_bundesliga\/wer-bildet-aus-50-jahren-bundesliga-das-top-team-in-nrw-id7058991.html\" target=\"_blank\">hier<\/a>) \u2013 also nicht nur vor Gro\u00dfveranstaltungen wie Welt- und Europameisterschaften mehrerer Sportarten oder Olympia und vor jeder Bundesliga-Saison oder jedem Derby &#8211; da ist das ohnehin obligatorisch.<\/li>\n<li>Redaktionsorganisation (z. B. von 2009 bis 2016 Dienstplanerstellung)<\/li>\n<li>Kommunikation in einer Zentralredaktion: Kontakt halten zu den angeschlossenen H\u00e4usern der FUNKE Mediengruppe (NRW, Braunschweig, Th\u00fcringen, Hamburg, Berlin).<\/li>\n<li>Projektmanagement I: Verantwortlich f\u00fcr die im August 2014 erschienene FUNKE-Fu\u00dfball-App \u201eMit Picke\u201c (Januar 2015 bis Januar 2018)<\/li>\n<li>Projektmanagement II: Federf\u00fchrende Betreuung eines ab Fr\u00fchjahr 2014 entwickelten Amateurfu\u00dfball-Projektes (erste Jahresh\u00e4lfte 2015)<\/li>\n<li>Projektmanagement III: Entwicklung und Betreuung der App &#8222;RevierSport Top 10&#8220; (Januar 2016 bis Oktober 2017) als erste Top-10-App der FUNKE Mediengruppe.<\/li>\n<li>Projektmanagement IV: Entwicklung des Podcasts \u201eFu\u00dfball Inside\u201c in Zusammenarbeit mit den Lokalradios NRW (Dezember 2018 bis Juni 2024), Download-Zahl etwa 18.000 pro Woche (Stand: November 2019) &#8211; insgesamt bereits \u00fcber eine Million Downloads (Stand: November 2019)<\/li>\n<li>Projektmanagement V: Entwicklung des Talk-Formats &#8222;19:04 &#8211; Inside Schalke&#8220;, das via YouTube und Instagram schnell zum erfolgreichsten Sport-Talkformat der Gruppe wurde (seit Juli 2022)<\/li>\n<li>\n<div id=\"attachment_4757\" style=\"width: 310px\" class=\"wp-caption alignright\"><img loading=\"lazy\" decoding=\"async\" aria-describedby=\"caption-attachment-4757\" class=\"size-medium wp-image-4757\" src=\"http:\/\/andreasernst.com\/wordpress\/WordpressLatest\/wp-content\/uploads\/2019\/11\/Podcast-PM-AE-TD-300x225.jpeg\" alt=\"Am 28. November 2019 diskutierte ich mit Moderator Timo D\u00fcngen (r.) und meinem Sportchef Peter M\u00fcller.\" width=\"300\" height=\"225\" srcset=\"https:\/\/andreasernst.com\/wordpress\/WordpressLatest\/wp-content\/uploads\/2019\/11\/Podcast-PM-AE-TD-300x225.jpeg 300w, https:\/\/andreasernst.com\/wordpress\/WordpressLatest\/wp-content\/uploads\/2019\/11\/Podcast-PM-AE-TD-768x576.jpeg 768w, https:\/\/andreasernst.com\/wordpress\/WordpressLatest\/wp-content\/uploads\/2019\/11\/Podcast-PM-AE-TD.jpeg 1024w\" sizes=\"auto, (max-width: 300px) 100vw, 300px\" \/><p id=\"caption-attachment-4757\" class=\"wp-caption-text\">Podcast &#8222;Fu\u00dfball Inside&#8220;: Am 28. November 2019 diskutierte ich mit Moderator Timo D\u00fcngen (r.) und meinem Sportchef Peter M\u00fcller<\/p><\/div>\n<p>Digitale Weiterbildung der Redaktion (Organisation und Durchf\u00fchrung von Workshops)<\/li>\n<li>Stellvertretender Betriebsrat von FUNKE Sport (M\u00e4rz 2017 bis M\u00e4rz 2021)<\/li>\n<li>und, und, und<\/li>\n<\/ul>\n<p>Seit 1. Dezember 2019:<strong>&nbsp;Schalke-Reporter <\/strong>beim Kompetenzzentrum FUNKE Sport in Essen.<\/p>\n<ul>\n<li>Entwicklung und Durchf\u00fchrung des Talkformats &#8222;19:04 &#8211; Inside Schalke&#8220; (seit Juni 2022, immer nach einem Spiel, dazu Sonderfolgen, durchschnittliche Abrufzahl inzwischen etwa 30.000, Stand August 2025 &#8211; eine Folge mit dem GamerBrother erreichte bei YouTube \u00fcber 100.000 Aufrufe<\/li>\n<\/ul>\n<div id=\"attachment_5287\" style=\"width: 1033px\" class=\"wp-caption aligncenter\"><img loading=\"lazy\" decoding=\"async\" aria-describedby=\"caption-attachment-5287\" class=\"size-full wp-image-5287\" src=\"http:\/\/andreasernst.com\/wordpress\/WordpressLatest\/wp-content\/uploads\/2016\/06\/Andi-HP.jpeg\" alt=\"Beispiel f\u00fcr einen &quot;19:04&quot;-Talk im November 2023.\" width=\"1023\" height=\"876\" srcset=\"https:\/\/andreasernst.com\/wordpress\/WordpressLatest\/wp-content\/uploads\/2016\/06\/Andi-HP.jpeg 1023w, https:\/\/andreasernst.com\/wordpress\/WordpressLatest\/wp-content\/uploads\/2016\/06\/Andi-HP-300x257.jpeg 300w, https:\/\/andreasernst.com\/wordpress\/WordpressLatest\/wp-content\/uploads\/2016\/06\/Andi-HP-768x658.jpeg 768w\" sizes=\"auto, (max-width: 1023px) 100vw, 1023px\" \/><p id=\"caption-attachment-5287\" class=\"wp-caption-text\">Beispiel f\u00fcr einen &#8222;19:04&#8220;-Talk im November 2023.<\/p><\/div>\n<ul>\n<li>Projektmanagement: Entwicklung und Etablierung des Projekts &#8222;Aufsager w\u00e4hrend der Woche&#8220;, jeweils nach einer Trainingseinheit, wird vor allem als Reel bei Instagram verbreitet, aber auch per Online-Text und bei YouTube.<\/li>\n<li>Zus\u00e4tzlich: Berichterstattung \u00fcber die Fu\u00dfball-Europameisterschaft 2024<\/li>\n<li>Talkgast bei &#8222;At Broski &#8211; die Sport-Show&#8220; im November 2024, gemeinsam u. a. mit Fu\u00dfballprofi und Weltmeister Matthias Ginter (SC Freiburg), Kaderplaner Michael Clemens (SSV Ulm 1846, 2. Bundesliga), Ex-Schalke-Profi Mike Hanke und die Influencer Conan Furlong und Simon Schildgen a.k.a. GamerBrother.<\/li>\n<\/ul>\n<p><strong>Andere Ver\u00f6ffentlichungen \/ T\u00e4tigkeiten<\/strong><\/p>\n<p>August 1996 bis Juni 1999: <strong>Jugendfu\u00dfballtrainer&nbsp;<\/strong>beim VfB Speldorf in M\u00fclheim an der Ruhr, zuerst als Cheftrainer der F- und E-Jugendmannschaft (1996 bis 1998), dann als \u201eCo\u201c der A-Jugend (1998\/99), parallel \u201ePressewart\u201c im Jugendvorstand<\/p>\n<p>seit Dezember 2000: <strong>Moderator<\/strong> der M\u00fclheimer Hallenfu\u00dfball-Stadtmeisterschaft vor bis zu 2500 Zuschauern. Einen Text zur Meisterschaft 2012 mit \u201ehistorischen\u201c Anmerkungen findet Ihr <a href=\"http:\/\/andreasernst.com\/?p=1381\" target=\"_blank\">hier<\/a>.<\/p>\n<p>seit Februar 2002: In Fankreisen viel diskutierter&nbsp;<strong>Blogger<\/strong> auf der Internetseite www.andreasernst.com mit Beitr\u00e4gen \u00fcberwiegend \u00fcber Fu\u00dfball (2002 bis 2008 \u00fcber den VfL Bochum), Reisen und Musik.<\/p>\n<div id=\"attachment_5142\" style=\"width: 310px\" class=\"wp-caption alignleft\"><img loading=\"lazy\" decoding=\"async\" aria-describedby=\"caption-attachment-5142\" class=\"size-medium wp-image-5142\" src=\"http:\/\/andreasernst.com\/wordpress\/WordpressLatest\/wp-content\/uploads\/2021\/10\/Mittersill13-300x200.jpg\" alt=\"Interview mit Schalke-Kapit\u00e4n Danny Latza im Sommer 2021 im Trainingslager in Mittersill. (Foto: Tim Rehbein \/ RHR-Foto)\" width=\"300\" height=\"200\" srcset=\"https:\/\/andreasernst.com\/wordpress\/WordpressLatest\/wp-content\/uploads\/2021\/10\/Mittersill13-300x200.jpg 300w, https:\/\/andreasernst.com\/wordpress\/WordpressLatest\/wp-content\/uploads\/2021\/10\/Mittersill13-768x512.jpg 768w, https:\/\/andreasernst.com\/wordpress\/WordpressLatest\/wp-content\/uploads\/2021\/10\/Mittersill13-1024x682.jpg 1024w, https:\/\/andreasernst.com\/wordpress\/WordpressLatest\/wp-content\/uploads\/2021\/10\/Mittersill13.jpg 1600w\" sizes=\"auto, (max-width: 300px) 100vw, 300px\" \/><p id=\"caption-attachment-5142\" class=\"wp-caption-text\">Interview mit Schalke-Kapit\u00e4n Danny Latza im Sommer 2021 im Trainingslager in Mittersill. (Foto: Tim Rehbein \/ RHR-Foto)<\/p><\/div>\n<p>seit Februar 2002: <strong>Interviewpartner<\/strong> f\u00fcr<\/p>\n<ul>\n<li>Autoren von Diplom-, Bachelor- und Master-Arbeiten zu den Themen \u201eIntegration im Amateurfu\u00dfball\u201c, \u201eOnline-Fanzines\u201c, \u201eOnline-Berichterstattung Schalke 04\u201c, \u201eNotengebung im Profifu\u00dfball\u201c.<\/li>\n<li>den Autor eines Textes \u00fcber Nachwuchs-Onliner in der Ausgabe 2\/2012 des Magazins \u201ejournalist\u201c<\/li>\n<li>den Bochumer Autor und Filmemacher Ben Redelings zur Vorbereitung auf den Film \u201eWer braucht schon ein Sektfr\u00fchst\u00fcck bei Real Madrid\u201c \u00fcber den VfL Bochum (2004)<\/li>\n<li>\u201eFanfamily\u201c \u2013 im Videochat sprach ich im Oktober 2012 \u00fcber das bevorstehende Derby zwischen BVB und S04. Zum Video geht es <a href=\"http:\/\/www.youtube.com\/watch?v=3YTsiGp0Q_0&amp;feature=plcp\" target=\"_blank\">hier<\/a><\/li>\n<li>\u201eSportradio360\u201c \u2013 im Mai 2013 diskutierte ich im Podcast mit Rolf Fuhrmann und Marco Hagemann von Sky \u00fcber Fu\u00dfball. Zur Sendung geht es <a href=\"http:\/\/sportradio360.de\/the-big-show-ci\/\" target=\"_blank\">hier<\/a>.<\/li>\n<li>\u201esport1.fm\u201c \u2013 mit Moderator Jens Huiber und Effzeh-Fan Axel Goldmann (Der 4. Offizielle) sprach ich am 22. Juli 2013 \u00fcber die 2. Bundesliga. Zur Talkshow geht es<a href=\"http:\/\/sportradio360.de\/sport1-fm-daily-22-07-2013\/\" target=\"_blank\">hier<\/a>.<\/li>\n<li>\u201esport1.fm\u201c \u2013 mit den Moderatoren Jens Huiber und Christoph Fetzer (LaOla1.tv) sowie mit K\u00f6nigsblogger Torsten Wieland sprach ich am 15. September 2013 \u00fcber Schalke 04, Polizeieins\u00e4tze und Peter Neururer. Zur Talkshow geht es <a href=\"http:\/\/sportradio360.de\/sport1-fm-daily-16-09-2013\/\" target=\"_blank\">hier<\/a>.<\/li>\n<li>\u201eWM-Daily\u201c \u2013 mit Moderator Jens Huiber und Markus Gaupp sprach ich am 17. Juni 2014 im Rahmen des WAZ-Podcasts \u00fcber das 4:0 des DFB-Teams gegen Portugal. Reinh\u00f6ren? <a href=\"http:\/\/www.derwesten.de\/wp\/sport\/fussball\/wm\/wm-daily-gutes-spiel-vom-dfb-aber-ball-flach-halten-id9482440.html\" target=\"_blank\">Hier<\/a>! Am 21. Juni ging\u2019s um den 5:2-Sieg Frankreichs im Spiel gegen die Schweiz. H\u00f6rprobe: <a href=\"http:\/\/www.derwesten.de\/wp\/sport\/fussball\/wm\/wm-daily-war-frankreichs-5-2-nur-ein-ausreisser-sieg-id9498959.html\" target=\"_blank\">hier<\/a>!<\/li>\n<li>\u201e11freunde.de\u201c \u2013 mit Andreas Spinrath sprach ich \u00fcber meinen prophetisch genauen Text \u201eErst der Anfang\u201c vom 30. Juni 2009 \u2013 da sagte ich die WM-Elf fast exakt genau voraus. <a href=\"http:\/\/www.11freunde.de\/interview\/ein-reporter-sagte-die-wm-elf-voraus\" target=\"_blank\">Dieses Interview<\/a> am 19. Juli 2014 war der Aufmacher \u2013 und f\u00fchrte zu weiteren Anfragen.<\/li>\n<li>&#8222;Mein Fu\u00dfball Radio&#8220; &#8211; <a href=\"http:\/\/andreasernst.com\/?p=4346\">Bundesliga-Diskussion<\/a> mit Jesco von Eichmann von Radio Emscher-Lippe \u00fcber die Bundesliga am 23. Oktober 2017<\/li>\n<li>&#8222;Amazon Music&#8220; &#8211; Podcast an Bundesliga-Spieltagen zwischen M\u00e4rz und Oktober 2020<\/li>\n<li>zahlreiche Facebook-Live- und Periscope-Videos, u. a. von Pit Gottschalk ab Januar 2017.<\/li>\n<\/ul>\n<p>April 2005: Texte dieser Homepage finden Verwendung bei der <strong>Lesereihe<\/strong> \u201eWir waren die Nummer zwei\u201c von Thomas Ernst und Thomas Ernst, mit Erw\u00e4hnung in der Zeitung \u201eRheinpfalz\u201c und in der HR-Fernsehsendung \u201eFlutlicht\u201c<\/p>\n<div id=\"attachment_5140\" style=\"width: 310px\" class=\"wp-caption alignright\"><img loading=\"lazy\" decoding=\"async\" aria-describedby=\"caption-attachment-5140\" class=\"size-medium wp-image-5140\" src=\"http:\/\/andreasernst.com\/wordpress\/WordpressLatest\/wp-content\/uploads\/2021\/10\/Mittersill11-300x225.jpg\" alt=\"WAZ-Live-Talk aus Mittersill im Sommer 2021.\" width=\"300\" height=\"225\" srcset=\"https:\/\/andreasernst.com\/wordpress\/WordpressLatest\/wp-content\/uploads\/2021\/10\/Mittersill11-300x225.jpg 300w, https:\/\/andreasernst.com\/wordpress\/WordpressLatest\/wp-content\/uploads\/2021\/10\/Mittersill11-768x576.jpg 768w, https:\/\/andreasernst.com\/wordpress\/WordpressLatest\/wp-content\/uploads\/2021\/10\/Mittersill11.jpg 1024w\" sizes=\"auto, (max-width: 300px) 100vw, 300px\" \/><p id=\"caption-attachment-5140\" class=\"wp-caption-text\">WAZ-Live-Talk aus Mittersill im Sommer 2021.<\/p><\/div>\n<p>September 2007: <strong>Stadionsprecher<\/strong> beim Fu\u00dfball-Oberligaspiel VfB Speldorf gegen SV Straelen (4:0) vor 550 Zuschauern.<\/p>\n<p>2001 bis 2006: <strong>Ver\u00f6ffentlichung<\/strong> von zahlreichen Texten in sechs M\u00fclheimer Sportjahrb\u00fcchern, herausgegeben vom Sprenger Medienservice jeweils kurz vor Weihnachten. Diese B\u00fccher waren ausschlie\u00dflich in M\u00fclheimer Buchhandlungen oder direkt beim Sprenger Medienservice erh\u00e4ltlich \u2013 sie haben keine ISBN. Zu etlichen Beispieltexten geht es <a href=\"http:\/\/andreasernst.com\/buch.html#seitenbeginn\" target=\"_blank\">hier<\/a>.<\/p>\n<p>1. Dezember 2009: <strong>Ver\u00f6ffentlichung<\/strong> eines Textes im Essener Sportjahrbuch \u201eSportschau Essen 2009\u201c, herausgegeben vom Essener Sportbund \u2013 Thema des Textes: das Niederrheinpokalspiel zwischen Rot-Wei\u00df Essen und dem VfB Speldorf (2:3, Mai 2009). Bei Amazon erh\u00e4ltlich <a href=\"http:\/\/www.amazon.de\/Sportschau-Essen-2009-20-Jahre\/dp\/3837502880\/ref=sr_1_1?ie=UTF8&amp;qid=1315517642&amp;sr=8-1\" target=\"_blank\">hier<\/a> (Klartext-Verlag, ISBN 3837502880).<\/p>\n<p>1. M\u00e4rz 2010: <strong>Ver\u00f6ffentlichung<\/strong> eines Aufsatzes zur Geschichte des Fu\u00dfballvereins Galatasaray M\u00fclheim im Buch \u201eDer Ball ist bunt: Fu\u00dfball, Migration und die Vielfalt der Identit\u00e4ten in Deutschland\u201c von Diethelm Blecking und Gerd Dembowski (Verlag Brandes &amp; Apsel, ISBN 3860996142) Bei Amazon erh\u00e4ltlich <a href=\"http:\/\/www.amazon.de\/Ball-ist-bunt-Identit%C3%A4ten-Deutschland\/dp\/3860996142\/ref=sr_1_2?ie=UTF8&amp;qid=1314801558&amp;sr=8-2\">hier.<\/a><\/p>\n<p>15. Juli 2010: <strong>Ver\u00f6ffentlichung<\/strong> eines Portr\u00e4ts \u00fcber den Trainer Friedhelm Funkel vom VfL Bochum f\u00fcr die Online-Sonderseite des Fu\u00dfballmagazins 11Freunde zur Saison 2010\/2011. Zum Text geht es <a href=\"http:\/\/www.11freunde.de\/bundesligen\/131769\">hier<\/a>. Einige Texte, die ich f\u00fcr DerWesten verfasste, wurden vom Onlineauftritt 11Freunde.de \u00fcbernommen, zum Beispiel <a href=\"http:\/\/andreasernst.com\/?p=1579\" target=\"_blank\">das Interview mit Jermaine Jones<\/a> im Februar 2012.<\/p>\n<p>1. April 2011: <strong>Ver\u00f6ffentlichung<\/strong> eines kurzen Textes im Buch \u201eanne Castroper: 100 Jahre Fu\u00dfball mitten in Bochum\u201c von Henry Wahlig, David Nienhaus und der Presseabteilung des VfL Bochum (Verlag DieWerkstatt, ISBN 389533779X). Bei Amazon erh\u00e4ltlich <a href=\"http:\/\/www.amazon.de\/anne-Castroper-Fu%C3%9Fball-mitten-Jahrhundert\/dp\/389533779X\/ref=sr_1_1?s=books&amp;ie=UTF8&amp;qid=1314801631&amp;sr=1-1\">hier<\/a>.<\/p>\n<p>Sommersemester 2015 und Sommersemester 2016: <span style=\"color: #000000;\"><b>Gastdozent<\/b><\/span>&nbsp;in einem Seminar des Studiengangs &#8222;Literaturvermittlung und Medienpraxis&#8220; an der Universit\u00e4t Duisburg-Essen zum Thema &#8222;Online-Journalismus bei der FUNKE Mediengruppe&#8220;.<\/p>\n<div id=\"attachment_5291\" style=\"width: 170px\" class=\"wp-caption alignleft\"><img loading=\"lazy\" decoding=\"async\" aria-describedby=\"caption-attachment-5291\" class=\"size-medium wp-image-5291\" src=\"http:\/\/andreasernst.com\/wordpress\/WordpressLatest\/wp-content\/uploads\/2023\/12\/Andi-Aufsager-160x300.jpeg\" alt=\"Beispiel f\u00fcr einen Aufsager im Oktober 2023.\" width=\"160\" height=\"300\" srcset=\"https:\/\/andreasernst.com\/wordpress\/WordpressLatest\/wp-content\/uploads\/2023\/12\/Andi-Aufsager-160x300.jpeg 160w, https:\/\/andreasernst.com\/wordpress\/WordpressLatest\/wp-content\/uploads\/2023\/12\/Andi-Aufsager.jpeg 546w\" sizes=\"auto, (max-width: 160px) 100vw, 160px\" \/><p id=\"caption-attachment-5291\" class=\"wp-caption-text\">Beispiel f\u00fcr einen Aufsager im Oktober 2023.<\/p><\/div>\n<p><strong>Software-Kenntnisse<\/strong><\/p>\n<p>Eidos Methode, Escenic, Multicom, Hugo CMS, Hugo Reporter, Adobe Photoshop, Microsoft Word, Microsoft Excel, Microsoft Powerpoint, Microsoft Outlook, Microsoft Teams, Slack, Mattermost, Trello, WordPress, Scribble Live, DCX, Mattermost, Trello, Pages, iMovie, Canva, CapCut, Cue, diverse Foto-Apps &#8211; Liste unvollst\u00e4ndig<\/p>\n<p><strong>Privates<\/strong><\/p>\n<p>Ist verheiratet mit Sandra, gibt alles, was er hat, damit aus unseren geliebten Kindern Emma (geboren im August 2014), Erik (geboren im Juni 2019) und Lisa-May (geboren im Januar 2023) wundervolle Menschen werden. Lebt unglaublich gern in seiner Heimatstadt M\u00fclheim an der Ruhr \u2013 und f\u00fchlt sich als Ruhrpottler durch, durch, durch und durch. Findet Fu\u00dfball gro\u00dfartig, verfolgt seit Jahrzehnten vor allem den Weg des VfL Bochum, f\u00e4hrt sehr gern seinen Smart, h\u00f6rt am liebsten \u201eEverlong\u201c von den Foo Fighters, sonst gern Dropkick Murphys, Green Day, The Strokes, Metallica, Placebo und \u00e4hnliches,&nbsp; in seltenen Momenten (nachts, A40, \u00dcberholspur) aber auch Prodigy. Mag Californication, Scrubs, Shameless, Inception, Interstellar und Matrix sowie &#8211; wenn es um Podcasts geht &#8211; Sport-Podcasts wie &#8222;Football Bromance&#8220;, &#8222;11 Leben des Uli Hoene\u00df&#8220; und True-Crime-Podcasts wie &#8222;Der Gerichtsreporter&#8220;, &#8222;ZEIT Verbrechen&#8220; und &#8222;Weird Crimes&#8220;. Tr\u00e4umt regelm\u00e4\u00dfig von Seattle, dr\u00fcckt in der NFL den Seattle Seahawks die Daumen. Hat Russell Wilson, Aaron Rodgers und Tom Brady (zweimal!) Football spielen sehen. Kann sich flie\u00dfend in Englisch verst\u00e4ndigen und wird irgendwann Niederl\u00e4ndisch k\u00f6nnen \u2013 weil seine Nichte (geboren im Dezember 2009 in Br\u00fcssel) und sein Neffe (geboren im Januar 2012 ebenfalls in Br\u00fcssel) mehrsprachig aufwachsen und er dabei so einiges aufschnappt.<\/p>\n","protected":false},"excerpt":{"rendered":"<p>Kurzform Andreas Ernst, geboren in der Woche, in der \u201eDas Lied der Schl\u00fcmpfe\u201c auf dem ersten Platz der deutschen Single-Charts stand, ist ausgebildeter Journalist, berichtet vor und hinter der Kamera, am Spielfeldrand und auf der Trib\u00fcne vor allem \u00fcber den &hellip; <a href=\"https:\/\/andreasernst.com\/?page_id=4255\">Weiterlesen <span class=\"meta-nav\">&rarr;<\/span><\/a><\/p>\n","protected":false},"author":1,"featured_media":0,"parent":0,"menu_order":0,"comment_status":"closed","ping_status":"closed","template":"","meta":{"ngg_post_thumbnail":0,"footnotes":""},"class_list":["post-4255","page","type-page","status-publish","hentry"],"_links":{"self":[{"href":"https:\/\/andreasernst.com\/index.php?rest_route=\/wp\/v2\/pages\/4255","targetHints":{"allow":["GET"]}}],"collection":[{"href":"https:\/\/andreasernst.com\/index.php?rest_route=\/wp\/v2\/pages"}],"about":[{"href":"https:\/\/andreasernst.com\/index.php?rest_route=\/wp\/v2\/types\/page"}],"author":[{"embeddable":true,"href":"https:\/\/andreasernst.com\/index.php?rest_route=\/wp\/v2\/users\/1"}],"replies":[{"embeddable":true,"href":"https:\/\/andreasernst.com\/index.php?rest_route=%2Fwp%2Fv2%2Fcomments&post=4255"}],"version-history":[{"count":102,"href":"https:\/\/andreasernst.com\/index.php?rest_route=\/wp\/v2\/pages\/4255\/revisions"}],"predecessor-version":[{"id":5349,"href":"https:\/\/andreasernst.com\/index.php?rest_route=\/wp\/v2\/pages\/4255\/revisions\/5349"}],"wp:attachment":[{"href":"https:\/\/andreasernst.com\/index.php?rest_route=%2Fwp%2Fv2%2Fmedia&parent=4255"}],"curies":[{"name":"wp","href":"https:\/\/api.w.org\/{rel}","templated":true}]}}